{"id":43,"date":"2022-02-25T20:07:17","date_gmt":"2022-02-25T20:07:17","guid":{"rendered":"https:\/\/sacapalca.gob.ec\/?page_id=43"},"modified":"2022-02-25T21:06:17","modified_gmt":"2022-02-25T21:06:17","slug":"fiestas-parroquiales-y-patronales","status":"publish","type":"page","link":"https:\/\/sacapalca.gob.ec\/index.php\/fiestas-parroquiales-y-patronales\/","title":{"rendered":"Fiestas Parroquiales y Patronales"},"content":{"rendered":"\n<p>Las fiestas de parroquializacion de sacapalca se celebran el 8 de diciembre, fecha en la cual el Gad Parroquial organiza eventos sociales, culturales, deportivos y gastron\u00f3micos. Estas fiestas cuentan con eventos de gran importancia como son el desfile parroquial y la sesi\u00f3n solemne que se celebra en el cierre de las festividades.<\/p>\n\n\n\n<div class=\"wp-block-image\"><figure class=\"aligncenter size-full\"><img loading=\"lazy\" decoding=\"async\" width=\"631\" height=\"209\" src=\"https:\/\/sacapalca.gob.ec\/wp-content\/uploads\/2022\/02\/Screenshot-25_02_2022-02_27_49-p_-m.jpg\" alt=\"\" class=\"wp-image-264\" srcset=\"https:\/\/sacapalca.gob.ec\/wp-content\/uploads\/2022\/02\/Screenshot-25_02_2022-02_27_49-p_-m.jpg 631w, https:\/\/sacapalca.gob.ec\/wp-content\/uploads\/2022\/02\/Screenshot-25_02_2022-02_27_49-p_-m-300x99.jpg 300w\" sizes=\"auto, (max-width: 631px) 100vw, 631px\" \/><\/figure><\/div>\n\n\n\n<p>Fue en el Gobierno Constitucional del Dr. Carlos Julio Arosemena M, que se consigue la promulgaci\u00f3n del Acuerdo Ejecutivo Nro. 217 del 8 de diciembre de 1947, mediante el cual se eleva a Sacapalca a la categor\u00eda de parroquia civil del cant\u00f3n Gonzanam\u00e1.<\/p>\n\n\n\n<div class=\"wp-block-image\"><figure class=\"aligncenter size-full\"><img loading=\"lazy\" decoding=\"async\" width=\"635\" height=\"242\" src=\"https:\/\/sacapalca.gob.ec\/wp-content\/uploads\/2022\/02\/Screenshot-25_02_2022-02_27_58-p_-m.jpg\" alt=\"\" class=\"wp-image-265\" srcset=\"https:\/\/sacapalca.gob.ec\/wp-content\/uploads\/2022\/02\/Screenshot-25_02_2022-02_27_58-p_-m.jpg 635w, https:\/\/sacapalca.gob.ec\/wp-content\/uploads\/2022\/02\/Screenshot-25_02_2022-02_27_58-p_-m-300x114.jpg 300w\" sizes=\"auto, (max-width: 635px) 100vw, 635px\" \/><\/figure><\/div>\n\n\n\n<p>Fenec\u00eda el a\u00f1o de 1947 cuando el se\u00f1or Julio Le\u00f3n Lude\u00f1a, jefe pol\u00edtico del cant\u00f3n, recibe la delegaci\u00f3n oficial del se\u00f1or gobernador de la provincia, Lic. Luis Emilio Eguiguren, para que, en representaci\u00f3n del Gobierno Nacional, oficialice la inauguraci\u00f3n de la nueva parroquia del cant\u00f3n Gonzanam\u00e1. A este hist\u00f3rico acto asistieron prestantes ciudadanos que respaldaron el pronunciamiento seccional. Entre ellos: Dr. Francisco Bravo, Vicario For\u00e1neo del cant\u00f3n; Daniel Ojeda Luna, Presidente del Concejo Municipal; Silvio Simancas, Filiberto Castillo y Juan Herrera, concejales; y, Jos\u00e9 Tomas Celi, Presidente de la Junta Parroquial de Nambacola.<\/p>\n\n\n\n<div class=\"wp-block-image\"><figure class=\"aligncenter size-full\"><img loading=\"lazy\" decoding=\"async\" width=\"629\" height=\"238\" src=\"https:\/\/sacapalca.gob.ec\/wp-content\/uploads\/2022\/02\/Screenshot-25_02_2022-02_28_11-p_-m.jpg\" alt=\"\" class=\"wp-image-266\" srcset=\"https:\/\/sacapalca.gob.ec\/wp-content\/uploads\/2022\/02\/Screenshot-25_02_2022-02_28_11-p_-m.jpg 629w, https:\/\/sacapalca.gob.ec\/wp-content\/uploads\/2022\/02\/Screenshot-25_02_2022-02_28_11-p_-m-300x114.jpg 300w\" sizes=\"auto, (max-width: 629px) 100vw, 629px\" \/><\/figure><\/div>\n\n\n\n<p><strong>Parroquializaci\u00f3n 8 de diciembre.<\/strong><\/p>\n\n\n\n<div class=\"wp-block-image\"><figure class=\"aligncenter size-full\"><img loading=\"lazy\" decoding=\"async\" width=\"634\" height=\"219\" src=\"https:\/\/sacapalca.gob.ec\/wp-content\/uploads\/2022\/02\/Screenshot-25_02_2022-02_28_18-p_-m.jpg\" alt=\"\" class=\"wp-image-267\" srcset=\"https:\/\/sacapalca.gob.ec\/wp-content\/uploads\/2022\/02\/Screenshot-25_02_2022-02_28_18-p_-m.jpg 634w, https:\/\/sacapalca.gob.ec\/wp-content\/uploads\/2022\/02\/Screenshot-25_02_2022-02_28_18-p_-m-300x104.jpg 300w\" sizes=\"auto, (max-width: 634px) 100vw, 634px\" \/><\/figure><\/div>\n\n\n\n<p><strong>Segundo Domingo de Julio fiesta de la Virgen de los Desamparados.<\/strong><\/p>\n\n\n\n<p>Desde el pasado mes de junio Sacapalca del cant\u00f3n de Gonzanam\u00e1 vive sus fiestas religiosas, en honor a la Virgen de los Desamparados, patrona de la parroquia.<\/p>\n\n\n\n<div class=\"wp-block-image\"><figure class=\"aligncenter size-full\"><img loading=\"lazy\" decoding=\"async\" width=\"633\" height=\"223\" src=\"https:\/\/sacapalca.gob.ec\/wp-content\/uploads\/2022\/02\/Screenshot-25_02_2022-02_28_25-p_-m.jpg\" alt=\"\" class=\"wp-image-269\" srcset=\"https:\/\/sacapalca.gob.ec\/wp-content\/uploads\/2022\/02\/Screenshot-25_02_2022-02_28_25-p_-m.jpg 633w, https:\/\/sacapalca.gob.ec\/wp-content\/uploads\/2022\/02\/Screenshot-25_02_2022-02_28_25-p_-m-300x106.jpg 300w\" sizes=\"auto, (max-width: 633px) 100vw, 633px\" \/><\/figure><\/div>\n\n\n\n<p>El jueves 8 de junio la Imagen inicio el recorrido por los barrios del sector, y desde el 30 de junio empezaron la novena con la participaci\u00f3n de instituciones y barrios, concluyendo este domingo 8 de julio, por la noche a las 20:00 fueron las v\u00edsperas de la fiesta con una celebraci\u00f3n especial presentaciones art\u00edsticas, quema del tradicional castillo, vaca loca y juegos pirot\u00e9cnicos.<\/p>\n\n\n\n<div class=\"wp-block-image\"><figure class=\"aligncenter size-full\"><img loading=\"lazy\" decoding=\"async\" width=\"635\" height=\"235\" src=\"https:\/\/sacapalca.gob.ec\/wp-content\/uploads\/2022\/02\/Screenshot-25_02_2022-02_28_32-p_-m.jpg\" alt=\"\" class=\"wp-image-270\" srcset=\"https:\/\/sacapalca.gob.ec\/wp-content\/uploads\/2022\/02\/Screenshot-25_02_2022-02_28_32-p_-m.jpg 635w, https:\/\/sacapalca.gob.ec\/wp-content\/uploads\/2022\/02\/Screenshot-25_02_2022-02_28_32-p_-m-300x111.jpg 300w\" sizes=\"auto, (max-width: 635px) 100vw, 635px\" \/><\/figure><\/div>\n\n\n\n<p>Este lunes 9 de julio a las 11h00 habr\u00e1 la Solemne Eucarist\u00eda de fiesta celebrada por el P. Carlos Yunga, luego se realizar\u00e1 la procesi\u00f3n con la sagrada imagen por las principales calles de la parroquia; 13:00 gran bazar y otras actividades culturales.<\/p>\n\n\n\n<div class=\"wp-block-image\"><figure class=\"aligncenter size-full\"><img loading=\"lazy\" decoding=\"async\" width=\"636\" height=\"241\" src=\"https:\/\/sacapalca.gob.ec\/wp-content\/uploads\/2022\/02\/Screenshot-25_02_2022-02_28_40-p_-m.jpg\" alt=\"\" class=\"wp-image-271\" srcset=\"https:\/\/sacapalca.gob.ec\/wp-content\/uploads\/2022\/02\/Screenshot-25_02_2022-02_28_40-p_-m.jpg 636w, https:\/\/sacapalca.gob.ec\/wp-content\/uploads\/2022\/02\/Screenshot-25_02_2022-02_28_40-p_-m-300x114.jpg 300w\" sizes=\"auto, (max-width: 636px) 100vw, 636px\" \/><\/figure><\/div>\n\n\n\n<p><\/p>\n\n\n\n<p><\/p>\n\n\n\n<p><\/p>\n\n\n\n<p><\/p>\n\n\n\n<p><\/p>\n\n\n\n<p><\/p>\n\n\n\n<p><\/p>\n\n\n\n<p><\/p>\n\n\n\n<p><\/p>\n\n\n\n<p><\/p>\n\n\n\n<p><\/p>\n","protected":false},"excerpt":{"rendered":"<p>Las fiestas de parroquializacion de sacapalca se celebran el 8 de diciembre, fecha en la cual el Gad Parroquial organiza eventos sociales, culturales, deportivos y gastron\u00f3micos. Estas fiestas cuentan con eventos de gran importancia como son el desfile parroquial y la sesi\u00f3n solemne que se celebra en el cierre de las festividades. Fue en el&hellip;&nbsp;<a href=\"https:\/\/sacapalca.gob.ec\/index.php\/fiestas-parroquiales-y-patronales\/\" class=\"\" rel=\"bookmark\">Leer m\u00e1s &raquo;<span class=\"screen-reader-text\">Fiestas Parroquiales y Patronales<\/span><\/a><\/p>\n","protected":false},"author":1,"featured_media":0,"parent":0,"menu_order":0,"comment_status":"closed","ping_status":"closed","template":"","meta":{"neve_meta_sidebar":"","neve_meta_container":"","neve_meta_enable_content_width":"","neve_meta_content_width":0,"neve_meta_title_alignment":"","neve_meta_author_avatar":"","neve_post_elements_order":"","neve_meta_disable_header":"","neve_meta_disable_footer":"","neve_meta_disable_title":"","footnotes":""},"class_list":["post-43","page","type-page","status-publish","hentry"],"_links":{"self":[{"href":"https:\/\/sacapalca.gob.ec\/index.php\/wp-json\/wp\/v2\/pages\/43","targetHints":{"allow":["GET"]}}],"collection":[{"href":"https:\/\/sacapalca.gob.ec\/index.php\/wp-json\/wp\/v2\/pages"}],"about":[{"href":"https:\/\/sacapalca.gob.ec\/index.php\/wp-json\/wp\/v2\/types\/page"}],"author":[{"embeddable":true,"href":"https:\/\/sacapalca.gob.ec\/index.php\/wp-json\/wp\/v2\/users\/1"}],"replies":[{"embeddable":true,"href":"https:\/\/sacapalca.gob.ec\/index.php\/wp-json\/wp\/v2\/comments?post=43"}],"version-history":[{"count":2,"href":"https:\/\/sacapalca.gob.ec\/index.php\/wp-json\/wp\/v2\/pages\/43\/revisions"}],"predecessor-version":[{"id":272,"href":"https:\/\/sacapalca.gob.ec\/index.php\/wp-json\/wp\/v2\/pages\/43\/revisions\/272"}],"wp:attachment":[{"href":"https:\/\/sacapalca.gob.ec\/index.php\/wp-json\/wp\/v2\/media?parent=43"}],"curies":[{"name":"wp","href":"https:\/\/api.w.org\/{rel}","templated":true}]}}